{"version":"1.0","provider_name":"T\u00fal a szem\u00e9lyesen","provider_url":"https:\/\/tulaszemelyesen.cafeblog.hu","author_name":"Pehl Ildik\u00f3","author_url":"https:\/\/tulaszemelyesen.cafeblog.hu\/author\/pehl_ildiko\/","title":"2012. kar\u00e1csony\u00e1n","html":"Ma reggel, amikor fel\u00e9bredtem, azt \u00e9reztem, hogy h\u00e1l\u00e1s vagyok. Arra gondoltam, hogy ezt le\u00edrom \u00e9s megosztom.\r\n\r\nNem hittem benne, hogy 2012. december 21-\u00e9n vil\u00e1gv\u00e9ge lesz, de \u00e9reztem, hogy valami t\u00f6rt\u00e9nni fog, ami nem biztos, hogy l\u00e1that\u00f3, hallhat\u00f3, nyilv\u00e1nval\u00f3.\r\n\r\nMost, hogy egy kicsit lecsendesedett k\u00f6r\u00fcl\u00f6ttem a vil\u00e1g, \u00e9rzem, tudom, hogy valaminek val\u00f3ban v\u00e9ge van. M\u00e9g nem tudom, hogyan jelenik meg az \u00e9letemben, de valami t\u00f6rt\u00e9nt Bennem: H\u00e1l\u00e1s \u00e9s el\u00e9gedett vagyok.\r\n\r\nH\u00e1l\u00e1s vagyok \u00e9s k\u00f6sz\u00f6n\u00f6m, hogy van csal\u00e1dom, ahova sz\u00fclettem. H\u00e1l\u00e1s vagyok az\u00e9rt a csal\u00e1d\u00e9rt, amit \u00e9n hoztam l\u00e9tre \u00e9s a v\u00e1lasztott csal\u00e1dom\u00e9rt is.\r\n\r\nH\u00e1l\u00e1s vagyok \u00e9s k\u00f6sz\u00f6n\u00f6m, hogy velem vannak a l\u00e1nyaim \u00e9s az unok\u00e1m. Tudom, hogy mindig sz\u00e1m\u00edthatok r\u00e1juk \u00e9s \u0151k is tudj\u00e1k, hogy mindenben sz\u00e1m\u00edthatnak r\u00e1m. Tudom, hogy nem kell agg\u00f3dnom, hogy mi lesz velem, ha meg\u00f6regszem J.\r\n\r\nH\u00e1l\u00e1s vagyok \u00e9s k\u00f6sz\u00f6n\u00f6m azoknak, akik velem voltak a szellemi utamon, k\u00f6sz\u00f6net nektek az egy\u00fctt \u00e1t\u00e9lt \u00e9lm\u00e9nyek\u00e9rt.\r\n\r\nH\u00e1l\u00e1s vagyok \u00e9s k\u00f6sz\u00f6n\u00f6m, hogy elengedtem mindazt, ami m\u00e1r nem tartozik hozz\u00e1m.\r\n\r\nH\u00e1l\u00e1s vagyok \u00e9s k\u00f6sz\u00f6n\u00f6m, hogy elengedtem azt, aki m\u00e1r nem tartozik hozz\u00e1m.\r\n\r\nH\u00e1l\u00e1s vagyok \u00e9s k\u00f6sz\u00f6n\u00f6m, hogy elengedtem a ragaszkod\u00e1st.\r\n\r\nH\u00e1l\u00e1s vagyok \u00e9s k\u00f6sz\u00f6n\u00f6m, hogy megtapasztaltam, mi az IGAZI bar\u00e1ts\u00e1g. H\u00e1l\u00e1s vagyok \u00e9s k\u00f6sz\u00f6n\u00f6m, hogy a bar\u00e1taim mellettem voltak a neh\u00e9zs\u00e9gek k\u00f6zepette.\r\n\r\nH\u00e1l\u00e1s vagyok \u00e9s k\u00f6sz\u00f6n\u00f6m azoknak, akik szeretnek, meghallgatnak, b\u00e1tor\u00edtanak \u00e9s azoknak is, akik nem, mert ez\u00e1ltal er\u0151sebb lettem.\r\n\r\nH\u00e1l\u00e1s vagyok \u00e9s k\u00f6sz\u00f6n\u00f6m, hogy akkor is nyitva van a sz\u00edvem, amikor b\u00e1ntani akarnak.\r\n\r\nH\u00e1l\u00e1s vagyok \u00e9s k\u00f6sz\u00f6n\u00f6m a megpr\u00f3b\u00e1ltat\u00e1sokat, mert ezek n\u00e9lk\u00fcl nem lenn\u00e9k ma az, aki vagyok, nem tapasztaltam volna meg, hogy mi az igazi \u00e9rt\u00e9k, nem tapasztaltam volna meg, hogy tudok k\u00fczdeni.\r\n\r\nH\u00e1l\u00e1s vagyok \u00e9s k\u00f6sz\u00f6n\u00f6m, hogy \u00e9szreveszem, mi az igazi \u00e9rt\u00e9k az \u00e9letemben.\r\n\r\nH\u00e1l\u00e1s vagyok \u00e9s k\u00f6sz\u00f6n\u00f6m, hogy tudom, mit jelent az, hogy \u00c9LEK!\r\n\r\nH\u00e1l\u00e1s vagyok \u00e9s k\u00f6sz\u00f6n\u00f6m, hogy el\u00e9gedett vagyok.\r\n\r\nH\u00e1la, b\u00e9ke \u00e9s szeretet van a sz\u00edvemben.\r\n\r\nPehl Ildik\u00f3\r\n\r\npszichoblogger","type":"rich","thumbnail_url":"https:\/\/tulaszemelyesen.cafeblog.hu\/files\/2014\/05\/copy-blue_sunny_sky_facebook_cover_1708-150x150.jpg","thumbnail_width":150,"thumbnail_height":150}